{"id":1363,"date":"2021-11-06T17:33:03","date_gmt":"2021-11-06T16:33:03","guid":{"rendered":"https:\/\/biotopik.org\/?page_id=1363"},"modified":"2022-02-24T13:31:39","modified_gmt":"2022-02-24T12:31:39","slug":"ma-petite-histoire","status":"publish","type":"page","link":"https:\/\/biotopik.org\/index.php\/ma-petite-histoire\/","title":{"rendered":"Ma petite histoire"},"content":{"rendered":"\t\t<div data-elementor-type=\"wp-page\" data-elementor-id=\"1363\" class=\"elementor elementor-1363\" data-elementor-settings=\"[]\">\n\t\t\t\t\t\t\t<div class=\"elementor-section-wrap\">\n\t\t\t\t\t\t\t<section class=\"elementor-section elementor-top-section elementor-element elementor-element-59a3396 elementor-section-boxed elementor-section-height-default elementor-section-height-default\" data-id=\"59a3396\" data-element_type=\"section\">\n\t\t\t\t\t\t\t<div class=\"elementor-background-overlay\"><\/div>\n\t\t\t\t\t\t\t<div class=\"elementor-container elementor-column-gap-default\">\n\t\t\t\t\t<div class=\"elementor-column elementor-col-100 elementor-top-column elementor-element elementor-element-aaf8e9e\" data-id=\"aaf8e9e\" data-element_type=\"column\">\n\t\t\t<div class=\"elementor-widget-wrap elementor-element-populated\">\n\t\t\t\t\t\t\t\t<div class=\"elementor-element elementor-element-3a9b177 elementor-widget elementor-widget-heading\" data-id=\"3a9b177\" data-element_type=\"widget\" data-widget_type=\"heading.default\">\n\t\t\t\t<div class=\"elementor-widget-container\">\n\t\t\t<h1 class=\"elementor-heading-title elementor-size-default\">Le fil directeur de ce parcours-voyage est : la curiosit\u00e9, le go\u00fbt de l'exp\u00e9rimentation et de la r\u00e9alisation, la mise en mouvement, susciter l'adh\u00e9sion et l'envie, la coop\u00e9ration et l'abondance.<\/h1>\t\t<\/div>\n\t\t\t\t<\/div>\n\t\t\t\t\t<\/div>\n\t\t<\/div>\n\t\t\t\t\t\t\t<\/div>\n\t\t<\/section>\n\t\t\t\t<section class=\"elementor-section elementor-top-section elementor-element elementor-element-f43dc9e elementor-section-boxed elementor-section-height-default elementor-section-height-default\" data-id=\"f43dc9e\" data-element_type=\"section\">\n\t\t\t\t\t\t<div class=\"elementor-container elementor-column-gap-default\">\n\t\t\t\t\t<div class=\"elementor-column elementor-col-100 elementor-top-column elementor-element elementor-element-d8ac6fd\" data-id=\"d8ac6fd\" data-element_type=\"column\">\n\t\t\t<div class=\"elementor-widget-wrap elementor-element-populated\">\n\t\t\t\t\t\t\t\t<div class=\"elementor-element elementor-element-3c7f2b6 elementor-widget elementor-widget-spacer\" data-id=\"3c7f2b6\" data-element_type=\"widget\" data-widget_type=\"spacer.default\">\n\t\t\t\t<div class=\"elementor-widget-container\">\n\t\t\t\t\t<div class=\"elementor-spacer\">\n\t\t\t<div class=\"elementor-spacer-inner\"><\/div>\n\t\t<\/div>\n\t\t\t\t<\/div>\n\t\t\t\t<\/div>\n\t\t\t\t<div class=\"elementor-element elementor-element-36d1648 elementor-widget elementor-widget-heading\" data-id=\"36d1648\" data-element_type=\"widget\" data-widget_type=\"heading.default\">\n\t\t\t\t<div class=\"elementor-widget-container\">\n\t\t\t<h2 class=\"elementor-heading-title elementor-size-default\">Ma petite histoire...<br><\/h2>\t\t<\/div>\n\t\t\t\t<\/div>\n\t\t\t\t<div class=\"elementor-element elementor-element-7e6ce66 elementor-widget elementor-widget-text-editor\" data-id=\"7e6ce66\" data-element_type=\"widget\" data-widget_type=\"text-editor.default\">\n\t\t\t\t<div class=\"elementor-widget-container\">\n\t\t\t\t\t\t\t<p>De l&#8217;agronomie aux a\u00e9roports, en passant par le num\u00e9rique et&#8230; de nombreux pays !<\/p>\t\t\t\t\t\t<\/div>\n\t\t\t\t<\/div>\n\t\t\t\t\t<\/div>\n\t\t<\/div>\n\t\t\t\t\t\t\t<\/div>\n\t\t<\/section>\n\t\t\t\t<section class=\"elementor-section elementor-top-section elementor-element elementor-element-39722ca elementor-section-boxed elementor-section-height-default elementor-section-height-default\" data-id=\"39722ca\" data-element_type=\"section\">\n\t\t\t\t\t\t\t<div class=\"elementor-background-overlay\"><\/div>\n\t\t\t\t\t\t\t<div class=\"elementor-container elementor-column-gap-default\">\n\t\t\t\t\t<div class=\"elementor-column elementor-col-100 elementor-top-column elementor-element elementor-element-d9be875\" data-id=\"d9be875\" data-element_type=\"column\">\n\t\t\t<div class=\"elementor-widget-wrap elementor-element-populated\">\n\t\t\t\t\t\t\t\t<div class=\"elementor-element elementor-element-d7e368c elementor-widget elementor-widget-text-editor\" data-id=\"d7e368c\" data-element_type=\"widget\" data-widget_type=\"text-editor.default\">\n\t\t\t\t<div class=\"elementor-widget-container\">\n\t\t\t\t\t\t\t<p>Au commencement : DIPLOMES et FORMATIONS<\/p><p><span style=\"font-family: var( --e-global-typography-text-font-family ), Sans-serif; font-weight: var( --e-global-typography-text-font-weight );\">Je suis Albane Roussot, fondatrice de la soci\u00e9t\u00e9 Biotopik. Je dois \u00e0 ma formation initiale d&#8217;i<\/span><span style=\"font-family: var( --e-global-typography-text-font-family ), Sans-serif; font-weight: var( --e-global-typography-text-font-weight );\">ng\u00e9nieur agronome une pens\u00e9e syst\u00e9mique, au coeur du vivant. Passionn\u00e9e par les projets de territoires et de la place de l&#8217;Homme dans son \u00e9cosyst\u00e8me, je me suis sp\u00e9cialis\u00e9e\u00a0 en sp\u00e9cialisation &#8216;Gestion du Vivant et strat\u00e9gies patrimoniales&#8217;. J&#8217;ai compl\u00e9t\u00e9 cette formation par la f<\/span><span style=\"font-family: var( --e-global-typography-text-font-family ), Sans-serif; font-weight: var( --e-global-typography-text-font-weight );\">acilitation en Intelligence Collective qui m&#8217;a redonn\u00e9 foi en le Collectif, compl\u00e9t\u00e9 d&#8217;une expertise en Coop\u00e9ration et Gouvernance participative, au service du changement et des transitions. J&#8217;aime que tout soit toujours en mouvement et que les organismes individuels ou collectifs que nous sommes \u00e9voluent avec leur environnement.<\/span><\/p><p><span style=\"font-family: var( --e-global-typography-text-font-family ), Sans-serif; font-weight: var( --e-global-typography-text-font-weight );\">PARCOURS<\/span><\/p><p><span style=\"font-family: var( --e-global-typography-text-font-family ), Sans-serif; font-weight: var( --e-global-typography-text-font-weight );\">Mon historique professionnel m\u2019a amen\u00e9e \u00e0 c\u00f4toyer des univers et des personnages contrast\u00e9s, en France et \u00e0 l\u2019international : la fili\u00e8re agricole,<i> en tant qu&#8217;<\/i><\/span><i style=\"font-family: var( --e-global-typography-text-font-family ), Sans-serif; font-weight: var( --e-global-typography-text-font-weight );\">analyste <\/i><i style=\"font-family: var( --e-global-typography-text-font-family ), Sans-serif; font-weight: var( --e-global-typography-text-font-weight );\">\u00e9conomique et <\/i><i style=\"font-family: var( --e-global-typography-text-font-family ), Sans-serif; font-weight: var( --e-global-typography-text-font-weight );\">n\u00e9gociatrice \u00e0 la Commission Europ\u00e9enne *<\/i><span style=\"font-family: var( --e-global-typography-text-font-family ), Sans-serif; font-weight: var( --e-global-typography-text-font-weight );\">\u00a0le monde de l\u2019entreprise agro-alimentaire, <i>en tant qu&#8217;initiatrice et animatrice<\/i><\/span><i style=\"font-family: var( --e-global-typography-text-font-family ), Sans-serif; font-weight: var( --e-global-typography-text-font-weight );\">\u00a0<\/i><i style=\"font-family: var( --e-global-typography-text-font-family ), Sans-serif; font-weight: var( --e-global-typography-text-font-weight );\">de la strat\u00e9gie Groupe, innovation et <\/i><i style=\"font-family: var( --e-global-typography-text-font-family ), Sans-serif; font-weight: var( --e-global-typography-text-font-weight );\">essaimage<\/i><span style=\"font-family: var( --e-global-typography-text-font-family ), Sans-serif; font-weight: var( --e-global-typography-text-font-weight );\">\u00a0* l\u2019univers d\u2019un op\u00e9rateur t\u00e9l\u00e9com B2B, <i>en tant que r<\/i><\/span><i style=\"font-family: var( --e-global-typography-text-font-family ), Sans-serif; font-weight: var( --e-global-typography-text-font-weight );\">esponsable <\/i><i style=\"font-family: var( --e-global-typography-text-font-family ), Sans-serif; font-weight: var( --e-global-typography-text-font-weight );\">grands comptes et d\u00e9veloppement <\/i><i style=\"font-family: var( --e-global-typography-text-font-family ), Sans-serif; font-weight: var( --e-global-typography-text-font-weight );\">international<\/i><span style=\"font-family: var( --e-global-typography-text-font-family ), Sans-serif; font-weight: var( --e-global-typography-text-font-weight );\">\u00a0* la galaxie du tourisme et des transports chez A\u00e9roports de Paris, <i>en tant que manager des syst\u00e8mes d&#8217;information<\/i><\/span><i style=\"font-family: var( --e-global-typography-text-font-family ), Sans-serif; font-weight: var( --e-global-typography-text-font-weight );\">\u00a0et l\u2019animation <\/i><i style=\"font-family: var( --e-global-typography-text-font-family ), Sans-serif; font-weight: var( --e-global-typography-text-font-weight );\">de la communaut\u00e9 IT <\/i><i style=\"font-family: var( --e-global-typography-text-font-family ), Sans-serif; font-weight: var( --e-global-typography-text-font-weight );\">internationale<\/i><span style=\"font-family: var( --e-global-typography-text-font-family ), Sans-serif; font-weight: var( --e-global-typography-text-font-weight );\">.<br \/><\/span>Un voyage d\u20191 an en famille autour de l\u2019Europe, Asie et Moyen-Orient donne naissance \u00e0 un projet de recentrage sur le Vivant et l\u2019exploration de nouvelles fa\u00e7ons de vivre nos territoires et de gouvernance. #Biotopik<\/p>\t\t\t\t\t\t<\/div>\n\t\t\t\t<\/div>\n\t\t\t\t\t<\/div>\n\t\t<\/div>\n\t\t\t\t\t\t\t<\/div>\n\t\t<\/section>\n\t\t\t\t<section class=\"elementor-section elementor-top-section elementor-element elementor-element-fcc0e26 elementor-section-boxed elementor-section-height-default elementor-section-height-default\" data-id=\"fcc0e26\" data-element_type=\"section\">\n\t\t\t\t\t\t\t<div class=\"elementor-background-overlay\"><\/div>\n\t\t\t\t\t\t\t<div class=\"elementor-container elementor-column-gap-default\">\n\t\t\t\t\t<div class=\"elementor-column elementor-col-50 elementor-top-column elementor-element elementor-element-6abc16e\" data-id=\"6abc16e\" data-element_type=\"column\">\n\t\t\t<div class=\"elementor-widget-wrap elementor-element-populated\">\n\t\t\t\t\t\t\t\t<div class=\"elementor-element elementor-element-c33088c elementor-widget elementor-widget-image\" data-id=\"c33088c\" data-element_type=\"widget\" data-widget_type=\"image.default\">\n\t\t\t\t<div class=\"elementor-widget-container\">\n\t\t\t\t\t\t\t\t\t\t\t\t\t\t\t<img decoding=\"async\" loading=\"lazy\" width=\"300\" height=\"300\" src=\"https:\/\/biotopik.org\/wp-content\/uploads\/2022\/02\/Me-snow9-300x300.png\" class=\"attachment-medium size-medium\" alt=\"\" srcset=\"https:\/\/biotopik.org\/wp-content\/uploads\/2022\/02\/Me-snow9-300x300.png 300w, https:\/\/biotopik.org\/wp-content\/uploads\/2022\/02\/Me-snow9-150x150.png 150w, https:\/\/biotopik.org\/wp-content\/uploads\/2022\/02\/Me-snow9-270x270.png 270w, https:\/\/biotopik.org\/wp-content\/uploads\/2022\/02\/Me-snow9.png 350w\" sizes=\"(max-width: 300px) 100vw, 300px\" \/>\t\t\t\t\t\t\t\t\t\t\t\t\t\t\t<\/div>\n\t\t\t\t<\/div>\n\t\t\t\t\t<\/div>\n\t\t<\/div>\n\t\t\t\t<div class=\"elementor-column elementor-col-50 elementor-top-column elementor-element elementor-element-573eed8\" data-id=\"573eed8\" data-element_type=\"column\">\n\t\t\t<div class=\"elementor-widget-wrap elementor-element-populated\">\n\t\t\t\t\t\t\t\t<div class=\"elementor-element elementor-element-32bcfe1 elementor-widget elementor-widget-text-editor\" data-id=\"32bcfe1\" data-element_type=\"widget\" data-widget_type=\"text-editor.default\">\n\t\t\t\t<div class=\"elementor-widget-container\">\n\t\t\t\t\t\t\t<div><strong>PORTRAIT CHINOIS<\/strong><\/div><ul><li>A grands traits : curiosit\u00e9, capacit\u00e9 d\u2019entrainement, perspicacit\u00e9 et discernement (compr\u00e9hension rapide des enjeux et situations), dynamisme, mouvement. Agilit\u00e9 interculturelle. Chemin de coh\u00e9rence pro &amp; perso<\/li><li>Ma m\u00e9thode : une alliance d&#8217;intuition et de m\u00e9thodologie, nourrie d&#8217;une exp\u00e9rience en milieux \u00e9clectiques &#8211; entreprise, voyages, assos, collectivit\u00e9s, dirigeants ou techniciens, j&#8217;aime adresser tous les niveaux de l&#8217;action, et les m\u00ealer parfois.\u00a0Jongler avec les outils &amp; m\u00e9thodologies, mobiliser ma propre exp\u00e9rience. Avoir travaill\u00e9 le visible et l&#8217;invisible.<\/li><\/ul>\t\t\t\t\t\t<\/div>\n\t\t\t\t<\/div>\n\t\t\t\t\t<\/div>\n\t\t<\/div>\n\t\t\t\t\t\t\t<\/div>\n\t\t<\/section>\n\t\t\t\t<section class=\"elementor-section elementor-top-section elementor-element elementor-element-f547f9d elementor-section-boxed elementor-section-height-default elementor-section-height-default\" data-id=\"f547f9d\" data-element_type=\"section\">\n\t\t\t\t\t\t\t<div class=\"elementor-background-overlay\"><\/div>\n\t\t\t\t\t\t\t<div class=\"elementor-container elementor-column-gap-default\">\n\t\t\t\t\t<div class=\"elementor-column elementor-col-100 elementor-top-column elementor-element elementor-element-0950d03\" data-id=\"0950d03\" data-element_type=\"column\">\n\t\t\t<div class=\"elementor-widget-wrap\">\n\t\t\t\t\t\t\t\t\t<\/div>\n\t\t<\/div>\n\t\t\t\t\t\t\t<\/div>\n\t\t<\/section>\n\t\t\t\t<section class=\"elementor-section elementor-top-section elementor-element elementor-element-d39c8d1 elementor-section-boxed elementor-section-height-default elementor-section-height-default\" data-id=\"d39c8d1\" data-element_type=\"section\">\n\t\t\t\t\t\t<div class=\"elementor-container elementor-column-gap-default\">\n\t\t\t\t\t<div class=\"elementor-column elementor-col-100 elementor-top-column elementor-element elementor-element-ac6852e\" data-id=\"ac6852e\" data-element_type=\"column\">\n\t\t\t<div class=\"elementor-widget-wrap\">\n\t\t\t\t\t\t\t\t\t<\/div>\n\t\t<\/div>\n\t\t\t\t\t\t\t<\/div>\n\t\t<\/section>\n\t\t\t\t<section class=\"elementor-section elementor-top-section elementor-element elementor-element-6495a76 elementor-section-boxed elementor-section-height-default elementor-section-height-default\" data-id=\"6495a76\" data-element_type=\"section\">\n\t\t\t\t\t\t\t<div class=\"elementor-background-overlay\"><\/div>\n\t\t\t\t\t\t\t<div class=\"elementor-container elementor-column-gap-default\">\n\t\t\t\t\t<div class=\"elementor-column elementor-col-50 elementor-top-column elementor-element elementor-element-f0a437e\" data-id=\"f0a437e\" data-element_type=\"column\">\n\t\t\t<div class=\"elementor-widget-wrap elementor-element-populated\">\n\t\t\t\t\t\t\t\t<div class=\"elementor-element elementor-element-f2e72f9 elementor-widget elementor-widget-text-editor\" data-id=\"f2e72f9\" data-element_type=\"widget\" data-widget_type=\"text-editor.default\">\n\t\t\t\t<div class=\"elementor-widget-container\">\n\t\t\t\t\t\t\t<h3><strong>Les autres \ud83d\ude42<\/strong><\/h3><h4>La foi dans le collectif commence&#8230; par s&#8217;entourer ! <br \/>Quelques inspirateurs, conspirateurs, constellateurs, connaisseurs et aventuriers<\/h4>\t\t\t\t\t\t<\/div>\n\t\t\t\t<\/div>\n\t\t\t\t<div class=\"elementor-element elementor-element-dd5aafb elementor-widget elementor-widget-button\" data-id=\"dd5aafb\" data-element_type=\"widget\" data-widget_type=\"button.default\">\n\t\t\t\t<div class=\"elementor-widget-container\">\n\t\t\t\t\t<div class=\"elementor-button-wrapper\">\n\t\t\t<a href=\"https:\/\/BIOTOPIK.ORG\/INDEX.PHP\/LES-INSPIRATEURS\/\" class=\"elementor-button-link elementor-button elementor-size-sm\" role=\"button\">\n\t\t\t\t\t\t<span class=\"elementor-button-content-wrapper\">\n\t\t\t\t\t\t<span class=\"elementor-button-text\">lire plus<\/span>\n\t\t<\/span>\n\t\t\t\t\t<\/a>\n\t\t<\/div>\n\t\t\t\t<\/div>\n\t\t\t\t<\/div>\n\t\t\t\t\t<\/div>\n\t\t<\/div>\n\t\t\t\t<div class=\"elementor-column elementor-col-50 elementor-top-column elementor-element elementor-element-f7ee0db\" data-id=\"f7ee0db\" data-element_type=\"column\">\n\t\t\t<div class=\"elementor-widget-wrap elementor-element-populated\">\n\t\t\t\t\t\t\t\t<div class=\"elementor-element elementor-element-3531c03 elementor-widget elementor-widget-text-editor\" data-id=\"3531c03\" data-element_type=\"widget\" data-widget_type=\"text-editor.default\">\n\t\t\t\t<div class=\"elementor-widget-container\">\n\t\t\t\t\t\t\t<h3><b>Le projet&#8230;<\/b><\/h3>\n<h4>A l&#8217;\u00e9chelle des collectifs !<\/h4>\t\t\t\t\t\t<\/div>\n\t\t\t\t<\/div>\n\t\t\t\t<div class=\"elementor-element elementor-element-8080828 elementor-widget elementor-widget-button\" data-id=\"8080828\" data-element_type=\"widget\" data-widget_type=\"button.default\">\n\t\t\t\t<div class=\"elementor-widget-container\">\n\t\t\t\t\t<div class=\"elementor-button-wrapper\">\n\t\t\t<a href=\"https:\/\/biotopik.org\/index.php\/le-projet\/\" class=\"elementor-button-link elementor-button elementor-size-sm\" role=\"button\">\n\t\t\t\t\t\t<span class=\"elementor-button-content-wrapper\">\n\t\t\t\t\t\t<span class=\"elementor-button-text\">lire plus<\/span>\n\t\t<\/span>\n\t\t\t\t\t<\/a>\n\t\t<\/div>\n\t\t\t\t<\/div>\n\t\t\t\t<\/div>\n\t\t\t\t\t<\/div>\n\t\t<\/div>\n\t\t\t\t\t\t\t<\/div>\n\t\t<\/section>\n\t\t\t\t\t\t<\/div>\n\t\t\t\t\t<\/div>\n\t\t","protected":false},"excerpt":{"rendered":"<p>Le fil directeur de ce parcours-voyage est : la curiosit\u00e9, le go\u00fbt de l&#8217;exp\u00e9rimentation et de la r\u00e9alisation, la mise en mouvement, susciter l&#8217;adh\u00e9sion et l&#8217;envie, la coop\u00e9ration et l&#8217;abondance. Ma petite histoire&#8230; De l&#8217;agronomie aux a\u00e9roports, en passant par le num\u00e9rique et&#8230; de nombreux pays ! Au commencement : DIPLOMES et FORMATIONS Je suis [&hellip;]<\/p>\n","protected":false},"author":1,"featured_media":0,"parent":0,"menu_order":0,"comment_status":"closed","ping_status":"closed","template":"","meta":{"_monsterinsights_skip_tracking":false,"_monsterinsights_sitenote_active":false,"_monsterinsights_sitenote_note":"","_monsterinsights_sitenote_category":0,"footnotes":""},"_links":{"self":[{"href":"https:\/\/biotopik.org\/index.php\/wp-json\/wp\/v2\/pages\/1363"}],"collection":[{"href":"https:\/\/biotopik.org\/index.php\/wp-json\/wp\/v2\/pages"}],"about":[{"href":"https:\/\/biotopik.org\/index.php\/wp-json\/wp\/v2\/types\/page"}],"author":[{"embeddable":true,"href":"https:\/\/biotopik.org\/index.php\/wp-json\/wp\/v2\/users\/1"}],"replies":[{"embeddable":true,"href":"https:\/\/biotopik.org\/index.php\/wp-json\/wp\/v2\/comments?post=1363"}],"version-history":[{"count":88,"href":"https:\/\/biotopik.org\/index.php\/wp-json\/wp\/v2\/pages\/1363\/revisions"}],"predecessor-version":[{"id":3450,"href":"https:\/\/biotopik.org\/index.php\/wp-json\/wp\/v2\/pages\/1363\/revisions\/3450"}],"wp:attachment":[{"href":"https:\/\/biotopik.org\/index.php\/wp-json\/wp\/v2\/media?parent=1363"}],"curies":[{"name":"wp","href":"https:\/\/api.w.org\/{rel}","templated":true}]}}